{"id":1814,"date":"2023-12-13T13:34:19","date_gmt":"2023-12-13T12:34:19","guid":{"rendered":"https:\/\/www.echoppe-francaise.fr\/blog\/?page_id=1814"},"modified":"2023-12-14T10:03:30","modified_gmt":"2023-12-14T09:03:30","slug":"comment-choisir-mes-boucles-doreilles","status":"publish","type":"page","link":"https:\/\/www.echoppe-francaise.fr\/blog\/comment-choisir-mes-boucles-doreilles\/","title":{"rendered":"Comment choisir mes boucles d\u2019oreilles\u00a0?"},"content":{"rendered":"\n<div class=\"wp-block-columns is-layout-flex wp-container-core-columns-is-layout-8f761849 wp-block-columns-is-layout-flex\">\n<div class=\"wp-block-column is-layout-flow wp-block-column-is-layout-flow\" style=\"flex-basis:100%\">\n<figure class=\"wp-block-image size-large\"><img loading=\"lazy\" decoding=\"async\" width=\"1024\" height=\"1024\" src=\"https:\/\/www.echoppe-francaise.fr\/blog\/wp-content\/uploads\/2023\/12\/boucles-d-oreilles-geometriques-colores-1-1024x1024.jpg\" alt=\"Boucles d'oreilles g\u00e9om\u00e9triques color\u00e9es et dor\u00e9es\" class=\"wp-image-1883\" srcset=\"https:\/\/www.echoppe-francaise.fr\/blog\/wp-content\/uploads\/2023\/12\/boucles-d-oreilles-geometriques-colores-1.jpg 1024w, https:\/\/www.echoppe-francaise.fr\/blog\/wp-content\/uploads\/2023\/12\/boucles-d-oreilles-geometriques-colores-1-300x300.jpg 300w, https:\/\/www.echoppe-francaise.fr\/blog\/wp-content\/uploads\/2023\/12\/boucles-d-oreilles-geometriques-colores-1-150x150.jpg 150w, https:\/\/www.echoppe-francaise.fr\/blog\/wp-content\/uploads\/2023\/12\/boucles-d-oreilles-geometriques-colores-1-768x768.jpg 768w\" sizes=\"auto, (max-width: 1024px) 100vw, 1024px\" \/><\/figure>\n<\/div>\n<\/div>\n\n\n\n<p class=\"wp-block-paragraph\">Choisissez les <strong><a href=\"https:\/\/www.echoppe-francaise.fr\/boucles-oreilles-createur_38\" target=\"_blank\" rel=\"noreferrer noopener\">boucles d\u2019oreilles<\/a><\/strong> pour parfaire votre tenue. C&rsquo;est un gage de f\u00e9minit\u00e9 et d\u2019\u00e9l\u00e9gance. Encore faut-il bien les choisir et savoir les porter. Voici un guide complet qui vous aidera en ce sens.&nbsp;<\/p>\n\n\n\n<h2 class=\"wp-block-heading\">L\u2019importance des boucles d\u2019oreilles dans une tenue<\/h2>\n\n\n\n<p class=\"wp-block-paragraph\">Les boucles d\u2019oreilles sont incontournables dans une tenue. Ce ne sont plus seulement des accessoires de mode f\u00e9minine. La gent masculine se l\u2019est appropri\u00e9 il y a quelques ann\u00e9es. Cela permet de <strong>personnaliser un look<\/strong>.&nbsp;<\/p>\n\n\n\n<h3 class=\"wp-block-heading\">Mettez en avant votre visage avec des bijoux adapt\u00e9s<\/h3>\n\n\n\n<figure class=\"wp-block-image size-large\"><img loading=\"lazy\" decoding=\"async\" width=\"1024\" height=\"1024\" src=\"https:\/\/www.echoppe-francaise.fr\/blog\/wp-content\/uploads\/2023\/12\/boucles-d-oreilles-chics-pendantes-1024x1024.jpg\" alt=\"Boucles d'oreilles dor\u00e9 et marron esth\u00e9tique et chic.\" class=\"wp-image-1865\" srcset=\"https:\/\/www.echoppe-francaise.fr\/blog\/wp-content\/uploads\/2023\/12\/boucles-d-oreilles-chics-pendantes.jpg 1024w, https:\/\/www.echoppe-francaise.fr\/blog\/wp-content\/uploads\/2023\/12\/boucles-d-oreilles-chics-pendantes-300x300.jpg 300w, https:\/\/www.echoppe-francaise.fr\/blog\/wp-content\/uploads\/2023\/12\/boucles-d-oreilles-chics-pendantes-150x150.jpg 150w, https:\/\/www.echoppe-francaise.fr\/blog\/wp-content\/uploads\/2023\/12\/boucles-d-oreilles-chics-pendantes-768x768.jpg 768w\" sizes=\"auto, (max-width: 1024px) 100vw, 1024px\" \/><\/figure>\n\n\n\n<p class=\"wp-block-paragraph\"><strong>Valorisez votre visage<\/strong> avec des boucles d\u2019oreilles adapt\u00e9es. Elles adoucissent vos traits. Et, elles structurent aussi votre look. Pour ce faire, jouer avec la forme des bijoux&nbsp;: ronde ou g\u00e9om\u00e9trique.&nbsp;<\/p>\n\n\n\n<h3 class=\"wp-block-heading\">Les boucles d\u2019oreilles pour parfaire votre tenue<\/h3>\n\n\n\n<figure class=\"wp-block-image size-large\"><img loading=\"lazy\" decoding=\"async\" width=\"1024\" height=\"1024\" src=\"https:\/\/www.echoppe-francaise.fr\/blog\/wp-content\/uploads\/2023\/12\/boucles-d-oreilles-femme-pour-parfaire-votre-tenue-1-1024x1024.jpg\" alt=\"Boucles d'oreille pendant avec des perles. \" class=\"wp-image-1882\" srcset=\"https:\/\/www.echoppe-francaise.fr\/blog\/wp-content\/uploads\/2023\/12\/boucles-d-oreilles-femme-pour-parfaire-votre-tenue-1.jpg 1024w, https:\/\/www.echoppe-francaise.fr\/blog\/wp-content\/uploads\/2023\/12\/boucles-d-oreilles-femme-pour-parfaire-votre-tenue-1-300x300.jpg 300w, https:\/\/www.echoppe-francaise.fr\/blog\/wp-content\/uploads\/2023\/12\/boucles-d-oreilles-femme-pour-parfaire-votre-tenue-1-150x150.jpg 150w, https:\/\/www.echoppe-francaise.fr\/blog\/wp-content\/uploads\/2023\/12\/boucles-d-oreilles-femme-pour-parfaire-votre-tenue-1-768x768.jpg 768w\" sizes=\"auto, (max-width: 1024px) 100vw, 1024px\" \/><\/figure>\n\n\n\n<p class=\"wp-block-paragraph\">Les boucles d\u2019oreilles <strong>embellissent les tenues<\/strong>. Elles ajoutent une touche originale. Elles se d\u00e9clinent en plusieurs couleurs et styles. Et, elles s\u2019adaptent \u00e0 vos tenues. Idem \u00e0 toutes les occasions ou \u00e9v\u00e8nements.&nbsp;<\/p>\n\n\n\n<h3 class=\"wp-block-heading\">Une touche f\u00e9minine et sexy sans trop en faire<\/h3>\n\n\n\n<figure class=\"wp-block-image size-large\"><img loading=\"lazy\" decoding=\"async\" width=\"1024\" height=\"1024\" src=\"https:\/\/www.echoppe-francaise.fr\/blog\/wp-content\/uploads\/2023\/12\/des-boucles-d-oreilles-pour-une-touche-feminine-et-sexy-1024x1024.jpg\" alt=\"Boucles d'oreilles pendantes avec des motifs fleurs.\" class=\"wp-image-1874\" srcset=\"https:\/\/www.echoppe-francaise.fr\/blog\/wp-content\/uploads\/2023\/12\/des-boucles-d-oreilles-pour-une-touche-feminine-et-sexy.jpg 1024w, https:\/\/www.echoppe-francaise.fr\/blog\/wp-content\/uploads\/2023\/12\/des-boucles-d-oreilles-pour-une-touche-feminine-et-sexy-300x300.jpg 300w, https:\/\/www.echoppe-francaise.fr\/blog\/wp-content\/uploads\/2023\/12\/des-boucles-d-oreilles-pour-une-touche-feminine-et-sexy-150x150.jpg 150w, https:\/\/www.echoppe-francaise.fr\/blog\/wp-content\/uploads\/2023\/12\/des-boucles-d-oreilles-pour-une-touche-feminine-et-sexy-768x768.jpg 768w\" sizes=\"auto, (max-width: 1024px) 100vw, 1024px\" \/><\/figure>\n\n\n\n<p class=\"wp-block-paragraph\">Envie de mettre en avant votre port de t\u00eate&nbsp;? Les boucles d\u2019oreilles sont vos meilleurs alli\u00e9s. Elles sont parfaites pour une <strong>touche f\u00e9minine et sexy<\/strong> dans votre look. On l\u2019associe \u00e0 d\u2019autres bijoux pour ce faire&nbsp;: le collier par exemple.&nbsp;<\/p>\n\n\n\n<h2 class=\"wp-block-heading\">Les r\u00e8gles pour choisir les bonnes boucles d\u2019oreilles&nbsp;<\/h2>\n\n\n\n<p class=\"wp-block-paragraph\">Les <strong>boucles d\u2019oreilles fantaisies<\/strong> sont les plus pris\u00e9es. Leur prix a de quoi s\u00e9duire. Et, les bijoutiers vous en proposent de toutes sortes. Ce qui est id\u00e9al pour parfaire votre look. On vous aide \u00e0 faire le bon choix.&nbsp;<\/p>\n\n\n\n<h3 class=\"wp-block-heading\">Trouver le bon style de boucles d\u2019oreilles<\/h3>\n\n\n\n<figure class=\"wp-block-image size-large\"><img loading=\"lazy\" decoding=\"async\" width=\"1024\" height=\"1024\" src=\"https:\/\/www.echoppe-francaise.fr\/blog\/wp-content\/uploads\/2023\/12\/boucles-d-oreille-original-et-colore-de-style-ethnique-1-1024x1024.jpg\" alt=\"Boucle d'oreille de couleur bleu, pendante en forme rond.\" class=\"wp-image-1877\" srcset=\"https:\/\/www.echoppe-francaise.fr\/blog\/wp-content\/uploads\/2023\/12\/boucles-d-oreille-original-et-colore-de-style-ethnique-1.jpg 1024w, https:\/\/www.echoppe-francaise.fr\/blog\/wp-content\/uploads\/2023\/12\/boucles-d-oreille-original-et-colore-de-style-ethnique-1-300x300.jpg 300w, https:\/\/www.echoppe-francaise.fr\/blog\/wp-content\/uploads\/2023\/12\/boucles-d-oreille-original-et-colore-de-style-ethnique-1-150x150.jpg 150w, https:\/\/www.echoppe-francaise.fr\/blog\/wp-content\/uploads\/2023\/12\/boucles-d-oreille-original-et-colore-de-style-ethnique-1-768x768.jpg 768w\" sizes=\"auto, (max-width: 1024px) 100vw, 1024px\" \/><\/figure>\n\n\n\n<p class=\"wp-block-paragraph\">Le<strong> style<\/strong> est une affaire de go\u00fbt. Adaptez vos accessoires de mode au genre de tenue dont vous avez l\u2019habitude.&nbsp;<\/p>\n\n\n\n<ul class=\"wp-block-list\">\n<li>Des pierres ou des perles pour un look classique et chic<\/li>\n\n\n\n<li>Les boucles d\u2019oreilles plaqu\u00e9s or ou argent pour une touche de modernit\u00e9<\/li>\n\n\n\n<li>Des <strong>formes fleuries<\/strong> pour une touche f\u00e9minine<\/li>\n\n\n\n<li>Des <strong>formes g\u00e9om\u00e9triques<\/strong> afin de structurer votre look<\/li>\n<\/ul>\n\n\n\n<h3 class=\"wp-block-heading\">Quelle est la taille id\u00e9ale pour une bonne boucle d\u2019oreille&nbsp;?&nbsp;<\/h3>\n\n\n\n<figure class=\"wp-block-image size-full\"><img loading=\"lazy\" decoding=\"async\" width=\"546\" height=\"546\" src=\"https:\/\/www.echoppe-francaise.fr\/blog\/wp-content\/uploads\/2023\/12\/boucles-d-oreilles-de-petite-taille-et-colore-1.jpg\" alt=\"Une boucle d'oreille vert et bois en forme de feuille. \" class=\"wp-image-1880\" srcset=\"https:\/\/www.echoppe-francaise.fr\/blog\/wp-content\/uploads\/2023\/12\/boucles-d-oreilles-de-petite-taille-et-colore-1.jpg 546w, https:\/\/www.echoppe-francaise.fr\/blog\/wp-content\/uploads\/2023\/12\/boucles-d-oreilles-de-petite-taille-et-colore-1-300x300.jpg 300w, https:\/\/www.echoppe-francaise.fr\/blog\/wp-content\/uploads\/2023\/12\/boucles-d-oreilles-de-petite-taille-et-colore-1-150x150.jpg 150w\" sizes=\"auto, (max-width: 546px) 100vw, 546px\" \/><\/figure>\n\n\n\n<p class=\"wp-block-paragraph\">Exit les accessoires trop grands si vous avez un <strong>visage fin<\/strong>. Et, vice versa. \u00c9vitez que vos boucles d\u2019oreilles ne vous cachent compl\u00e8tement. Mais, elles ne doivent pas \u00eatre trop discr\u00e8tes. Sinon, elles ne se verront pas dans le reste de la tenue.\u00a0\u00a0<\/p>\n\n\n\n<p class=\"wp-block-paragraph\">Adaptez la taille de votre accessoire \u00e0 votre coiffure. Nos recommandations sur : <a href=\"https:\/\/www.echoppe-francaise.fr\/blog\/quelles-boucles-doreilles-pour-quelles-coupes\/\" target=\"_blank\" rel=\"noreferrer noopener\">Quelles boucles d&rsquo;oreilles pour quelles coupes\u00a0?<\/a><\/p>\n\n\n\n<h3 class=\"wp-block-heading\">Choisir la forme parfaite pour valoriser votre visage&nbsp;<\/h3>\n\n\n\n<figure class=\"wp-block-image size-full\"><img loading=\"lazy\" decoding=\"async\" width=\"546\" height=\"546\" src=\"https:\/\/www.echoppe-francaise.fr\/blog\/wp-content\/uploads\/2023\/12\/boucles-d-oreilles-tendances-en-bois.jpg\" alt=\"Une puce d'oreilles de couleur bleu et dor\u00e9 port\u00e9e par une femme aux cheveux courts.\" class=\"wp-image-1872\" srcset=\"https:\/\/www.echoppe-francaise.fr\/blog\/wp-content\/uploads\/2023\/12\/boucles-d-oreilles-tendances-en-bois.jpg 546w, https:\/\/www.echoppe-francaise.fr\/blog\/wp-content\/uploads\/2023\/12\/boucles-d-oreilles-tendances-en-bois-300x300.jpg 300w, https:\/\/www.echoppe-francaise.fr\/blog\/wp-content\/uploads\/2023\/12\/boucles-d-oreilles-tendances-en-bois-150x150.jpg 150w\" sizes=\"auto, (max-width: 546px) 100vw, 546px\" \/><\/figure>\n\n\n\n<p class=\"wp-block-paragraph\">D&rsquo;abord, focus sur le style ou la <strong>coupe <\/strong>de vos accessoires. Fiez-vous \u00e0 votre morphologie. Choisissez des boucles d\u2019oreilles contraires \u00e0 la forme de votre visage&nbsp;:&nbsp;<\/p>\n\n\n\n<ul class=\"wp-block-list\">\n<li>Des <strong>motifs ronds ou ovales<\/strong> pour celles qui ont un visage carr\u00e9 ou rectangle<\/li>\n\n\n\n<li>Des <strong>boucles g\u00e9om\u00e9triques<\/strong> si vous avez les visages plus ronds<\/li>\n<\/ul>\n\n\n\n<p class=\"wp-block-paragraph\">Vous aurez des traits plus doux dans le premier cas. Et, vous n\u2019aurez pas le visage trop enfantin dans le second. Mais, il y a d\u2019autres r\u00e8gles pour les <strong>boucles en triangles<\/strong>. Par exemple&nbsp;: compensez la forme de votre visage&nbsp;:&nbsp;<\/p>\n\n\n\n<ul class=\"wp-block-list\">\n<li>Une base plus large si vous avez un menton fin<\/li>\n\n\n\n<li>Un sommet plus grand si vous avez le haut du visage plus petit<\/li>\n<\/ul>\n\n\n\n<p class=\"wp-block-paragraph\">Notre guide : <a href=\"https:\/\/www.echoppe-francaise.fr\/blog\/quelle-boucle-doreille-pour-quel-visage\/\" target=\"_blank\" rel=\"noreferrer noopener\">Quelle boucle d&rsquo;oreille pour quel visage\u00a0?<\/a> vous donne d&rsquo;autres conseils pour bien faire votre choix.<\/p>\n\n\n\n<h3 class=\"wp-block-heading\">Les couleurs tendance pour des boucles d\u2019oreilles&nbsp;<\/h3>\n\n\n\n<figure class=\"wp-block-image size-large\"><img loading=\"lazy\" decoding=\"async\" width=\"1024\" height=\"1024\" src=\"https:\/\/www.echoppe-francaise.fr\/blog\/wp-content\/uploads\/2023\/12\/couleurs-tendance-pour-des-boucles-d-oreilles-1-1024x1024.jpg\" alt=\"Des boucles d'oreilles pendantes color\u00e9s.\" class=\"wp-image-1886\" srcset=\"https:\/\/www.echoppe-francaise.fr\/blog\/wp-content\/uploads\/2023\/12\/couleurs-tendance-pour-des-boucles-d-oreilles-1.jpg 1024w, https:\/\/www.echoppe-francaise.fr\/blog\/wp-content\/uploads\/2023\/12\/couleurs-tendance-pour-des-boucles-d-oreilles-1-300x300.jpg 300w, https:\/\/www.echoppe-francaise.fr\/blog\/wp-content\/uploads\/2023\/12\/couleurs-tendance-pour-des-boucles-d-oreilles-1-150x150.jpg 150w, https:\/\/www.echoppe-francaise.fr\/blog\/wp-content\/uploads\/2023\/12\/couleurs-tendance-pour-des-boucles-d-oreilles-1-768x768.jpg 768w\" sizes=\"auto, (max-width: 1024px) 100vw, 1024px\" \/><\/figure>\n\n\n\n<p class=\"wp-block-paragraph\"><strong>Le dor\u00e9 et l\u2019argent\u00e9<\/strong> restent les couleurs les plus tendance. Elles scient \u00e0 toutes les carnations. Et, elles sont ind\u00e9modables. Elles ajoutent une touche chic \u00e0 la tenue. Et, ce sont des alli\u00e9es parfaites pour de la brillance.&nbsp;<\/p>\n\n\n\n<p class=\"wp-block-paragraph\">Faites de vos boucles d\u2019oreilles un rappel des couleurs sur le reste de la tenue. Vous facilitez ainsi la construction de votre look. Les <strong>artisans fran\u00e7ais<\/strong> utilisent des mati\u00e8res color\u00e9es pour ce faire. Vous avez le choix entre le vert, le rose, le rouge, etc.<\/p>\n\n\n\n<p class=\"wp-block-paragraph\">Plus de d\u00e9tails pour trouver le bon accessoire de mode pour parfaire votre look : <a href=\"https:\/\/www.echoppe-francaise.fr\/blog\/comment-choisir-la-couleur-des-boucles-doreilles\/\" target=\"_blank\" rel=\"noreferrer noopener\">Comment choisir la couleur des boucles d&rsquo;oreilles\u00a0?<\/a>\u00a0\u00a0ou <a href=\"https:\/\/www.echoppe-francaise.fr\/blog\/quelle-boucle-doreille-en-fonction-de-ma-couleur-de-cheveux\/\" target=\"_blank\" rel=\"noreferrer noopener\">Quelle boucle d&rsquo;oreille en fonction de ma couleur de cheveux\u00a0?<\/a><\/p>\n\n\n\n<h3 class=\"wp-block-heading\">Des boucles d\u2019oreilles sp\u00e9ciales pour celles et ceux qui ne sont pas perc\u00e9s<\/h3>\n\n\n\n<figure class=\"wp-block-image size-large\"><img loading=\"lazy\" decoding=\"async\" width=\"1024\" height=\"1024\" src=\"https:\/\/www.echoppe-francaise.fr\/blog\/wp-content\/uploads\/2023\/12\/boucles-d-oreilles-speciales-pour-celles-et-ceux-qui-ne-sont-pas-perces-1-1024x1024.jpg\" alt=\"\" class=\"wp-image-1884\" srcset=\"https:\/\/www.echoppe-francaise.fr\/blog\/wp-content\/uploads\/2023\/12\/boucles-d-oreilles-speciales-pour-celles-et-ceux-qui-ne-sont-pas-perces-1.jpg 1024w, https:\/\/www.echoppe-francaise.fr\/blog\/wp-content\/uploads\/2023\/12\/boucles-d-oreilles-speciales-pour-celles-et-ceux-qui-ne-sont-pas-perces-1-300x300.jpg 300w, https:\/\/www.echoppe-francaise.fr\/blog\/wp-content\/uploads\/2023\/12\/boucles-d-oreilles-speciales-pour-celles-et-ceux-qui-ne-sont-pas-perces-1-150x150.jpg 150w, https:\/\/www.echoppe-francaise.fr\/blog\/wp-content\/uploads\/2023\/12\/boucles-d-oreilles-speciales-pour-celles-et-ceux-qui-ne-sont-pas-perces-1-768x768.jpg 768w\" sizes=\"auto, (max-width: 1024px) 100vw, 1024px\" \/><\/figure>\n\n\n\n<p class=\"wp-block-paragraph\">Pas besoin d\u2019avoir les oreilles perc\u00e9es pour porter des boucles d\u2019oreilles. Choisissez les pins ou les <strong>mod\u00e8les \u00e0 aimants<\/strong>. Placez les deux c\u00f4t\u00e9s de la boucle sur votre lobe.&nbsp;<\/p>\n\n\n\n<p class=\"wp-block-paragraph\">Pourquoi pas aussi les <strong>arcs de fleurs<\/strong>&nbsp;? Ce sont des boucles d\u2019oreilles \u00e9l\u00e9gantes pour les \u00e9v\u00e8nements sp\u00e9ciaux&nbsp;: mariages, bapt\u00eames, etc. Elles se glissent sur l\u2019ensemble de votre oreille. Elles en soulignent la forme. Et, elles \u00e9pousent les lignes de celle-ci.&nbsp;<\/p>\n\n\n\n<h3 class=\"wp-block-heading\">Pourquoi pas le travail des artisans fran\u00e7ais pour embellir votre tenue&nbsp;?&nbsp;<\/h3>\n\n\n\n<figure class=\"wp-block-image size-large\"><img loading=\"lazy\" decoding=\"async\" width=\"1024\" height=\"1024\" src=\"https:\/\/www.echoppe-francaise.fr\/blog\/wp-content\/uploads\/2023\/12\/les-boucles-d-oreilles-d-artisans-francais-pour-embellir-votre-tenue-1024x1024.jpg\" alt=\"Boucles d'oreille en forme de c\u0153ur et de couleur bleu et dor\u00e9.\" class=\"wp-image-1875\" srcset=\"https:\/\/www.echoppe-francaise.fr\/blog\/wp-content\/uploads\/2023\/12\/les-boucles-d-oreilles-d-artisans-francais-pour-embellir-votre-tenue-1024x1024.jpg 1024w, https:\/\/www.echoppe-francaise.fr\/blog\/wp-content\/uploads\/2023\/12\/les-boucles-d-oreilles-d-artisans-francais-pour-embellir-votre-tenue-300x300.jpg 300w, https:\/\/www.echoppe-francaise.fr\/blog\/wp-content\/uploads\/2023\/12\/les-boucles-d-oreilles-d-artisans-francais-pour-embellir-votre-tenue-150x150.jpg 150w, https:\/\/www.echoppe-francaise.fr\/blog\/wp-content\/uploads\/2023\/12\/les-boucles-d-oreilles-d-artisans-francais-pour-embellir-votre-tenue-768x768.jpg 768w, https:\/\/www.echoppe-francaise.fr\/blog\/wp-content\/uploads\/2023\/12\/les-boucles-d-oreilles-d-artisans-francais-pour-embellir-votre-tenue.jpg 1080w\" sizes=\"auto, (max-width: 1024px) 100vw, 1024px\" \/><\/figure>\n\n\n\n<p class=\"wp-block-paragraph\">Envie d\u2019accessoires, de mode tendances et \u00e9l\u00e9gants&nbsp;? Cherchez sur l\u2019<strong>\u00c9choppe Fran\u00e7aise<\/strong>. Nous travaillons avec des artisans fran\u00e7ais. Et, nous vous proposons des articles made in France. Imaginez des finitions soign\u00e9es et des designs esth\u00e9tiques pour une dizaine d\u2019euros.&nbsp;<\/p>\n\n\n\n<h2 class=\"wp-block-heading\">Nos conseils pour bien porter vos boucles d\u2019oreilles&nbsp;<\/h2>\n\n\n\n<p class=\"wp-block-paragraph\">C\u2019est une chose de choisir la bonne <strong>paire de boucles d\u2019oreilles<\/strong>. Mais, c\u2019en est une autre de bien les porter. Voici comment les utiliser pour vous valoriser.&nbsp;<\/p>\n\n\n\n<h3 class=\"wp-block-heading\">D\u00e9pareiller vos boucles d\u2019oreilles&nbsp;: une nouvelle tendance<\/h3>\n\n\n\n<figure class=\"wp-block-image size-large\"><img loading=\"lazy\" decoding=\"async\" width=\"1024\" height=\"1024\" src=\"https:\/\/www.echoppe-francaise.fr\/blog\/wp-content\/uploads\/2023\/12\/boucles-d-oreilles-depareilles-1-1024x1024.jpg\" alt=\"Diff\u00e9rents mod\u00e8les de boucles d'oreilles pendants. \" class=\"wp-image-1879\" srcset=\"https:\/\/www.echoppe-francaise.fr\/blog\/wp-content\/uploads\/2023\/12\/boucles-d-oreilles-depareilles-1.jpg 1024w, https:\/\/www.echoppe-francaise.fr\/blog\/wp-content\/uploads\/2023\/12\/boucles-d-oreilles-depareilles-1-300x300.jpg 300w, https:\/\/www.echoppe-francaise.fr\/blog\/wp-content\/uploads\/2023\/12\/boucles-d-oreilles-depareilles-1-150x150.jpg 150w, https:\/\/www.echoppe-francaise.fr\/blog\/wp-content\/uploads\/2023\/12\/boucles-d-oreilles-depareilles-1-768x768.jpg 768w\" sizes=\"auto, (max-width: 1024px) 100vw, 1024px\" \/><\/figure>\n\n\n\n<p class=\"wp-block-paragraph\">Suivez la nouvelle tendance. D\u00e9pareiller vos boucles d\u2019oreilles. Vous n\u2019avez plus besoin de deux accessoires identiques. C\u2019est original. Il suffit de rester dans les <strong>m\u00eames coloris<\/strong> et plus ou moins la m\u00eame coupe.&nbsp;<\/p>\n\n\n\n<p class=\"wp-block-paragraph\">Exemple&nbsp;:&nbsp;<\/p>\n\n\n\n<ul class=\"wp-block-list\">\n<li>Deux boucles d\u2019oreilles dor\u00e9es&nbsp;<\/li>\n\n\n\n<li>Deux boucles d\u2019oreilles pendantes<\/li>\n\n\n\n<li>Un pins et une boucle pendante dans le m\u00eame style<\/li>\n<\/ul>\n\n\n\n<p class=\"wp-block-paragraph\">Ce n\u2019est pas grave, m\u00eame si elles n\u2019ont pas exactement la m\u00eame forme.&nbsp;<\/p>\n\n\n\n<h3 class=\"wp-block-heading\">Comment associer vos boucles d\u2019oreilles avec vos autres bijoux&nbsp;?&nbsp;<\/h3>\n\n\n\n<figure class=\"wp-block-image size-large\"><img loading=\"lazy\" decoding=\"async\" width=\"1024\" height=\"1024\" src=\"https:\/\/www.echoppe-francaise.fr\/blog\/wp-content\/uploads\/2023\/12\/associer-vos-boucles-d-oreilles-avec-vos-autres-bijoux-1-1024x1024.jpg\" alt=\"Diff\u00e9rents mod\u00e8les de boucles d'oreilles dor\u00e9 et argent\u00e9 port\u00e9s par une femme.\" class=\"wp-image-1876\" srcset=\"https:\/\/www.echoppe-francaise.fr\/blog\/wp-content\/uploads\/2023\/12\/associer-vos-boucles-d-oreilles-avec-vos-autres-bijoux-1.jpg 1024w, https:\/\/www.echoppe-francaise.fr\/blog\/wp-content\/uploads\/2023\/12\/associer-vos-boucles-d-oreilles-avec-vos-autres-bijoux-1-300x300.jpg 300w, https:\/\/www.echoppe-francaise.fr\/blog\/wp-content\/uploads\/2023\/12\/associer-vos-boucles-d-oreilles-avec-vos-autres-bijoux-1-150x150.jpg 150w, https:\/\/www.echoppe-francaise.fr\/blog\/wp-content\/uploads\/2023\/12\/associer-vos-boucles-d-oreilles-avec-vos-autres-bijoux-1-768x768.jpg 768w\" sizes=\"auto, (max-width: 1024px) 100vw, 1024px\" \/><\/figure>\n\n\n\n<p class=\"wp-block-paragraph\">Les boucles d\u2019oreilles ne suffisent pas pour parfaire votre look. Associez-les avec d\u2019autres accessoires de mode. Choisissez-les dans le <strong>m\u00eame style<\/strong>. Mais pas exactement dans la m\u00eame coupe. Bref, \u00e9vitez les parures. Vous aurez un look trop classique.&nbsp;<\/p>\n\n\n\n<p class=\"wp-block-paragraph\">\u00c9vitez de surcharger votre tenue. Adaptez vos autres bijoux \u00e0 vos boucles d\u2019oreilles. Exemple\u00a0: vous avez des accessoires pendants\u00a0? \u00c9vitez les ras du cou. Pr\u00e9f\u00e9rez les sautoirs. Ce sera plus coh\u00e9rent.\u00a0<\/p>\n\n\n\n<p class=\"wp-block-paragraph\">Trouvez la meilleure boucle d&rsquo;oreille. Et, apprenez \u00e0 conna\u00eetre les diff\u00e9rents mod\u00e8les sur notre guide : <a href=\"https:\/\/www.echoppe-francaise.fr\/blog\/quel-type-de-boucles-doreilles-choisir\/\" target=\"_blank\" rel=\"noreferrer noopener\">Quel type de boucles d&rsquo;oreilles choisir\u00a0?<\/a><\/p>\n\n\n\n<h3 class=\"wp-block-heading\">Quelle coiffure pour quelles boucles d\u2019oreilles&nbsp;?&nbsp;<\/h3>\n\n\n\n<figure class=\"wp-block-image size-large\"><img loading=\"lazy\" decoding=\"async\" width=\"1024\" height=\"1024\" src=\"https:\/\/www.echoppe-francaise.fr\/blog\/wp-content\/uploads\/2023\/12\/boucles-d-oreilles-en-forme-de-fleur-1-1024x1024.jpg\" alt=\"Une femme qui porte une boucle d'oreille avec des perles et des pierres, en forme de fleur.\" class=\"wp-image-1881\" srcset=\"https:\/\/www.echoppe-francaise.fr\/blog\/wp-content\/uploads\/2023\/12\/boucles-d-oreilles-en-forme-de-fleur-1.jpg 1024w, https:\/\/www.echoppe-francaise.fr\/blog\/wp-content\/uploads\/2023\/12\/boucles-d-oreilles-en-forme-de-fleur-1-300x300.jpg 300w, https:\/\/www.echoppe-francaise.fr\/blog\/wp-content\/uploads\/2023\/12\/boucles-d-oreilles-en-forme-de-fleur-1-150x150.jpg 150w, https:\/\/www.echoppe-francaise.fr\/blog\/wp-content\/uploads\/2023\/12\/boucles-d-oreilles-en-forme-de-fleur-1-768x768.jpg 768w\" sizes=\"auto, (max-width: 1024px) 100vw, 1024px\" \/><\/figure>\n\n\n\n<p class=\"wp-block-paragraph\">Choisissez aussi vos boucles d\u2019oreilles selon votre coiffure. Vous envisagez d\u2019attacher vos cheveux. Les pins sont parfaits pour un visage d\u00e9gag\u00e9. Vous comptez les l\u00e2cher\u00a0? Pr\u00e9f\u00e9rez les boucles imposantes. Exemple\u00a0: les <strong>cr\u00e9oles<\/strong> ou les mod\u00e8les pendants.\u00a0<\/p>\n\n\n\n<p class=\"wp-block-paragraph\">D&rsquo;autres conseils pour choisir vos accessoires de mode ? Parcourez : <a href=\"https:\/\/www.echoppe-francaise.fr\/blog\/comment-savoir-si-une-boucle-doreille-nous-va-bien\/\" target=\"_blank\" rel=\"noreferrer noopener\">Comment savoir si une boucle d&rsquo;oreille nous va bien\u00a0?<\/a><\/p>\n\n\n\n<p class=\"wp-block-paragraph\">Pour conclure, les boucles d\u2019oreilles sont parfaites pour embellir votre tenue. Voil\u00e0 tous nos conseils pour bien les choisir. Tenez compte de votre morphologie, de style et de votre coiffure. Et, trouvez votre bonheur sur l\u2019\u00c9choppe Fran\u00e7aise. De quoi vous assurer un <strong>look chic \u00e0 la fran\u00e7aise<\/strong>\u00a0: simple, mais efficace.\u00a0<\/p>\n","protected":false},"excerpt":{"rendered":"<p>Choisissez les boucles d\u2019oreilles pour parfaire votre tenue. C&rsquo;est un gage de f\u00e9minit\u00e9 et d\u2019\u00e9l\u00e9gance. Encore faut-il bien les choisir et savoir les porter. Voici un guide complet qui vous aidera en ce sens.&nbsp; L\u2019importance des boucles d\u2019oreilles dans une tenue Les boucles d\u2019oreilles sont incontournables dans une tenue. Ce ne sont plus seulement des&hellip;&nbsp;<\/p>\n","protected":false},"author":6,"featured_media":0,"parent":0,"menu_order":0,"comment_status":"closed","ping_status":"closed","template":"","meta":{"_crdt_document":"","neve_meta_sidebar":"","neve_meta_container":"","neve_meta_enable_content_width":"","neve_meta_content_width":0,"neve_meta_title_alignment":"","neve_meta_author_avatar":"","neve_post_elements_order":"","neve_meta_disable_header":"","neve_meta_disable_footer":"","neve_meta_disable_title":"","footnotes":""},"class_list":["post-1814","page","type-page","status-publish","hentry"],"yoast_head":"<!-- This site is optimized with the Yoast SEO plugin v27.5 - https:\/\/yoast.com\/product\/yoast-seo-wordpress\/ -->\n<title>Nos conseils pour bien choisir vos boucles d&#039;oreilles<\/title>\n<meta name=\"description\" content=\"Trouvez dans notre article des conseils et des astuces pour bien choisir vos boucles d&#039;oreilles et r\u00e9ussir votre look.\" \/>\n<meta name=\"robots\" content=\"index, follow, max-snippet:-1, max-image-preview:large, max-video-preview:-1\" \/>\n<link rel=\"canonical\" href=\"https:\/\/www.echoppe-francaise.fr\/blog\/comment-choisir-mes-boucles-doreilles\/\" \/>\n<meta property=\"og:locale\" content=\"fr_FR\" \/>\n<meta property=\"og:type\" content=\"article\" \/>\n<meta property=\"og:title\" content=\"Nos conseils pour bien choisir vos boucles d&#039;oreilles\" \/>\n<meta property=\"og:description\" content=\"Trouvez dans notre article des conseils et des astuces pour bien choisir vos boucles d&#039;oreilles et r\u00e9ussir votre look.\" \/>\n<meta property=\"og:url\" content=\"https:\/\/www.echoppe-francaise.fr\/blog\/comment-choisir-mes-boucles-doreilles\/\" \/>\n<meta property=\"og:site_name\" content=\"\u00c9choppe Fran\u00e7aise, le Blog\" \/>\n<meta property=\"article:modified_time\" content=\"2023-12-14T09:03:30+00:00\" \/>\n<meta property=\"og:image\" content=\"https:\/\/www.echoppe-francaise.fr\/blog\/wp-content\/uploads\/2023\/12\/boucles-d-oreilles-geometriques-colores-1-1024x1024.jpg\" \/>\n<meta name=\"twitter:card\" content=\"summary_large_image\" \/>\n<meta name=\"twitter:label1\" content=\"Dur\u00e9e de lecture estim\u00e9e\" \/>\n\t<meta name=\"twitter:data1\" content=\"9 minutes\" \/>\n<script type=\"application\/ld+json\" class=\"yoast-schema-graph\">{\"@context\":\"https:\\\/\\\/schema.org\",\"@graph\":[{\"@type\":\"WebPage\",\"@id\":\"https:\\\/\\\/www.echoppe-francaise.fr\\\/blog\\\/comment-choisir-mes-boucles-doreilles\\\/\",\"url\":\"https:\\\/\\\/www.echoppe-francaise.fr\\\/blog\\\/comment-choisir-mes-boucles-doreilles\\\/\",\"name\":\"Nos conseils pour bien choisir vos boucles d'oreilles\",\"isPartOf\":{\"@id\":\"https:\\\/\\\/www.echoppe-francaise.fr\\\/blog\\\/#website\"},\"primaryImageOfPage\":{\"@id\":\"https:\\\/\\\/www.echoppe-francaise.fr\\\/blog\\\/comment-choisir-mes-boucles-doreilles\\\/#primaryimage\"},\"image\":{\"@id\":\"https:\\\/\\\/www.echoppe-francaise.fr\\\/blog\\\/comment-choisir-mes-boucles-doreilles\\\/#primaryimage\"},\"thumbnailUrl\":\"https:\\\/\\\/www.echoppe-francaise.fr\\\/blog\\\/wp-content\\\/uploads\\\/2023\\\/12\\\/boucles-d-oreilles-geometriques-colores-1-1024x1024.jpg\",\"datePublished\":\"2023-12-13T12:34:19+00:00\",\"dateModified\":\"2023-12-14T09:03:30+00:00\",\"description\":\"Trouvez dans notre article des conseils et des astuces pour bien choisir vos boucles d'oreilles et r\u00e9ussir votre look.\",\"breadcrumb\":{\"@id\":\"https:\\\/\\\/www.echoppe-francaise.fr\\\/blog\\\/comment-choisir-mes-boucles-doreilles\\\/#breadcrumb\"},\"inLanguage\":\"fr-FR\",\"potentialAction\":[{\"@type\":\"ReadAction\",\"target\":[\"https:\\\/\\\/www.echoppe-francaise.fr\\\/blog\\\/comment-choisir-mes-boucles-doreilles\\\/\"]}]},{\"@type\":\"ImageObject\",\"inLanguage\":\"fr-FR\",\"@id\":\"https:\\\/\\\/www.echoppe-francaise.fr\\\/blog\\\/comment-choisir-mes-boucles-doreilles\\\/#primaryimage\",\"url\":\"https:\\\/\\\/www.echoppe-francaise.fr\\\/blog\\\/wp-content\\\/uploads\\\/2023\\\/12\\\/boucles-d-oreilles-geometriques-colores-1.jpg\",\"contentUrl\":\"https:\\\/\\\/www.echoppe-francaise.fr\\\/blog\\\/wp-content\\\/uploads\\\/2023\\\/12\\\/boucles-d-oreilles-geometriques-colores-1.jpg\",\"width\":1024,\"height\":1024},{\"@type\":\"BreadcrumbList\",\"@id\":\"https:\\\/\\\/www.echoppe-francaise.fr\\\/blog\\\/comment-choisir-mes-boucles-doreilles\\\/#breadcrumb\",\"itemListElement\":[{\"@type\":\"ListItem\",\"position\":1,\"name\":\"Accueil\",\"item\":\"https:\\\/\\\/www.echoppe-francaise.fr\\\/blog\\\/\"},{\"@type\":\"ListItem\",\"position\":2,\"name\":\"Comment choisir mes boucles d\u2019oreilles\u00a0?\"}]},{\"@type\":\"WebSite\",\"@id\":\"https:\\\/\\\/www.echoppe-francaise.fr\\\/blog\\\/#website\",\"url\":\"https:\\\/\\\/www.echoppe-francaise.fr\\\/blog\\\/\",\"name\":\"\u00c9choppe Fran\u00e7aise, le Blog\",\"description\":\"Le blog des Cr\u00e9atrices et Cr\u00e9ateurs fran\u00e7ais\",\"publisher\":{\"@id\":\"https:\\\/\\\/www.echoppe-francaise.fr\\\/blog\\\/#organization\"},\"potentialAction\":[{\"@type\":\"SearchAction\",\"target\":{\"@type\":\"EntryPoint\",\"urlTemplate\":\"https:\\\/\\\/www.echoppe-francaise.fr\\\/blog\\\/?s={search_term_string}\"},\"query-input\":{\"@type\":\"PropertyValueSpecification\",\"valueRequired\":true,\"valueName\":\"search_term_string\"}}],\"inLanguage\":\"fr-FR\"},{\"@type\":\"Organization\",\"@id\":\"https:\\\/\\\/www.echoppe-francaise.fr\\\/blog\\\/#organization\",\"name\":\"L'\u00e9choppe Fran\u00e7aise\",\"url\":\"https:\\\/\\\/www.echoppe-francaise.fr\\\/blog\\\/\",\"logo\":{\"@type\":\"ImageObject\",\"inLanguage\":\"fr-FR\",\"@id\":\"https:\\\/\\\/www.echoppe-francaise.fr\\\/blog\\\/#\\\/schema\\\/logo\\\/image\\\/\",\"url\":\"https:\\\/\\\/www.echoppe-francaise.fr\\\/blog\\\/wp-content\\\/uploads\\\/2017\\\/04\\\/echoppe-francaise-logo-1489412704.png\",\"contentUrl\":\"https:\\\/\\\/www.echoppe-francaise.fr\\\/blog\\\/wp-content\\\/uploads\\\/2017\\\/04\\\/echoppe-francaise-logo-1489412704.png\",\"width\":492,\"height\":270,\"caption\":\"L'\u00e9choppe Fran\u00e7aise\"},\"image\":{\"@id\":\"https:\\\/\\\/www.echoppe-francaise.fr\\\/blog\\\/#\\\/schema\\\/logo\\\/image\\\/\"}}]}<\/script>\n<!-- \/ Yoast SEO plugin. -->","yoast_head_json":{"title":"Nos conseils pour bien choisir vos boucles d'oreilles","description":"Trouvez dans notre article des conseils et des astuces pour bien choisir vos boucles d'oreilles et r\u00e9ussir votre look.","robots":{"index":"index","follow":"follow","max-snippet":"max-snippet:-1","max-image-preview":"max-image-preview:large","max-video-preview":"max-video-preview:-1"},"canonical":"https:\/\/www.echoppe-francaise.fr\/blog\/comment-choisir-mes-boucles-doreilles\/","og_locale":"fr_FR","og_type":"article","og_title":"Nos conseils pour bien choisir vos boucles d'oreilles","og_description":"Trouvez dans notre article des conseils et des astuces pour bien choisir vos boucles d'oreilles et r\u00e9ussir votre look.","og_url":"https:\/\/www.echoppe-francaise.fr\/blog\/comment-choisir-mes-boucles-doreilles\/","og_site_name":"\u00c9choppe Fran\u00e7aise, le Blog","article_modified_time":"2023-12-14T09:03:30+00:00","og_image":[{"url":"https:\/\/www.echoppe-francaise.fr\/blog\/wp-content\/uploads\/2023\/12\/boucles-d-oreilles-geometriques-colores-1-1024x1024.jpg","type":"","width":"","height":""}],"twitter_card":"summary_large_image","twitter_misc":{"Dur\u00e9e de lecture estim\u00e9e":"9 minutes"},"schema":{"@context":"https:\/\/schema.org","@graph":[{"@type":"WebPage","@id":"https:\/\/www.echoppe-francaise.fr\/blog\/comment-choisir-mes-boucles-doreilles\/","url":"https:\/\/www.echoppe-francaise.fr\/blog\/comment-choisir-mes-boucles-doreilles\/","name":"Nos conseils pour bien choisir vos boucles d'oreilles","isPartOf":{"@id":"https:\/\/www.echoppe-francaise.fr\/blog\/#website"},"primaryImageOfPage":{"@id":"https:\/\/www.echoppe-francaise.fr\/blog\/comment-choisir-mes-boucles-doreilles\/#primaryimage"},"image":{"@id":"https:\/\/www.echoppe-francaise.fr\/blog\/comment-choisir-mes-boucles-doreilles\/#primaryimage"},"thumbnailUrl":"https:\/\/www.echoppe-francaise.fr\/blog\/wp-content\/uploads\/2023\/12\/boucles-d-oreilles-geometriques-colores-1-1024x1024.jpg","datePublished":"2023-12-13T12:34:19+00:00","dateModified":"2023-12-14T09:03:30+00:00","description":"Trouvez dans notre article des conseils et des astuces pour bien choisir vos boucles d'oreilles et r\u00e9ussir votre look.","breadcrumb":{"@id":"https:\/\/www.echoppe-francaise.fr\/blog\/comment-choisir-mes-boucles-doreilles\/#breadcrumb"},"inLanguage":"fr-FR","potentialAction":[{"@type":"ReadAction","target":["https:\/\/www.echoppe-francaise.fr\/blog\/comment-choisir-mes-boucles-doreilles\/"]}]},{"@type":"ImageObject","inLanguage":"fr-FR","@id":"https:\/\/www.echoppe-francaise.fr\/blog\/comment-choisir-mes-boucles-doreilles\/#primaryimage","url":"https:\/\/www.echoppe-francaise.fr\/blog\/wp-content\/uploads\/2023\/12\/boucles-d-oreilles-geometriques-colores-1.jpg","contentUrl":"https:\/\/www.echoppe-francaise.fr\/blog\/wp-content\/uploads\/2023\/12\/boucles-d-oreilles-geometriques-colores-1.jpg","width":1024,"height":1024},{"@type":"BreadcrumbList","@id":"https:\/\/www.echoppe-francaise.fr\/blog\/comment-choisir-mes-boucles-doreilles\/#breadcrumb","itemListElement":[{"@type":"ListItem","position":1,"name":"Accueil","item":"https:\/\/www.echoppe-francaise.fr\/blog\/"},{"@type":"ListItem","position":2,"name":"Comment choisir mes boucles d\u2019oreilles\u00a0?"}]},{"@type":"WebSite","@id":"https:\/\/www.echoppe-francaise.fr\/blog\/#website","url":"https:\/\/www.echoppe-francaise.fr\/blog\/","name":"\u00c9choppe Fran\u00e7aise, le Blog","description":"Le blog des Cr\u00e9atrices et Cr\u00e9ateurs fran\u00e7ais","publisher":{"@id":"https:\/\/www.echoppe-francaise.fr\/blog\/#organization"},"potentialAction":[{"@type":"SearchAction","target":{"@type":"EntryPoint","urlTemplate":"https:\/\/www.echoppe-francaise.fr\/blog\/?s={search_term_string}"},"query-input":{"@type":"PropertyValueSpecification","valueRequired":true,"valueName":"search_term_string"}}],"inLanguage":"fr-FR"},{"@type":"Organization","@id":"https:\/\/www.echoppe-francaise.fr\/blog\/#organization","name":"L'\u00e9choppe Fran\u00e7aise","url":"https:\/\/www.echoppe-francaise.fr\/blog\/","logo":{"@type":"ImageObject","inLanguage":"fr-FR","@id":"https:\/\/www.echoppe-francaise.fr\/blog\/#\/schema\/logo\/image\/","url":"https:\/\/www.echoppe-francaise.fr\/blog\/wp-content\/uploads\/2017\/04\/echoppe-francaise-logo-1489412704.png","contentUrl":"https:\/\/www.echoppe-francaise.fr\/blog\/wp-content\/uploads\/2017\/04\/echoppe-francaise-logo-1489412704.png","width":492,"height":270,"caption":"L'\u00e9choppe Fran\u00e7aise"},"image":{"@id":"https:\/\/www.echoppe-francaise.fr\/blog\/#\/schema\/logo\/image\/"}}]}},"_links":{"self":[{"href":"https:\/\/www.echoppe-francaise.fr\/blog\/wp-json\/wp\/v2\/pages\/1814","targetHints":{"allow":["GET"]}}],"collection":[{"href":"https:\/\/www.echoppe-francaise.fr\/blog\/wp-json\/wp\/v2\/pages"}],"about":[{"href":"https:\/\/www.echoppe-francaise.fr\/blog\/wp-json\/wp\/v2\/types\/page"}],"author":[{"embeddable":true,"href":"https:\/\/www.echoppe-francaise.fr\/blog\/wp-json\/wp\/v2\/users\/6"}],"replies":[{"embeddable":true,"href":"https:\/\/www.echoppe-francaise.fr\/blog\/wp-json\/wp\/v2\/comments?post=1814"}],"version-history":[{"count":4,"href":"https:\/\/www.echoppe-francaise.fr\/blog\/wp-json\/wp\/v2\/pages\/1814\/revisions"}],"predecessor-version":[{"id":1926,"href":"https:\/\/www.echoppe-francaise.fr\/blog\/wp-json\/wp\/v2\/pages\/1814\/revisions\/1926"}],"wp:attachment":[{"href":"https:\/\/www.echoppe-francaise.fr\/blog\/wp-json\/wp\/v2\/media?parent=1814"}],"curies":[{"name":"wp","href":"https:\/\/api.w.org\/{rel}","templated":true}]}}