{"version":"1.0","provider_name":"\u00c9choppe Fran\u00e7aise, le Blog","provider_url":"https:\/\/www.echoppe-francaise.fr\/blog","author_name":"AntoineR","author_url":"https:\/\/www.echoppe-francaise.fr\/blog\/author\/antoiner\/","title":"N\u0153uds Papillons en mati\u00e8re recycl\u00e9e & fabriqu\u00e9s en France - \u00c9choppe Fran\u00e7aise, le Blog","type":"rich","width":600,"height":338,"html":"<blockquote class=\"wp-embedded-content\" data-secret=\"SIY2PtDYKu\"><a href=\"https:\/\/www.echoppe-francaise.fr\/blog\/noeuds-papillons-matiere-recyclee-fabriques-france\/\">N\u0153uds Papillons en mati\u00e8re recycl\u00e9e &#038; fabriqu\u00e9s en France<\/a><\/blockquote><iframe sandbox=\"allow-scripts\" security=\"restricted\" src=\"https:\/\/www.echoppe-francaise.fr\/blog\/noeuds-papillons-matiere-recyclee-fabriques-france\/embed\/#?secret=SIY2PtDYKu\" width=\"600\" height=\"338\" title=\"\u00ab\u00a0N\u0153uds Papillons en mati\u00e8re recycl\u00e9e &#038; fabriqu\u00e9s en France\u00a0\u00bb &#8212; \u00c9choppe Fran\u00e7aise, le Blog\" data-secret=\"SIY2PtDYKu\" frameborder=\"0\" marginwidth=\"0\" marginheight=\"0\" scrolling=\"no\" class=\"wp-embedded-content\"><\/iframe><script>\n\/*! This file is auto-generated *\/\n!function(d,l){\"use strict\";l.querySelector&&d.addEventListener&&\"undefined\"!=typeof URL&&(d.wp=d.wp||{},d.wp.receiveEmbedMessage||(d.wp.receiveEmbedMessage=function(e){var t=e.data;if((t||t.secret||t.message||t.value)&&!\/[^a-zA-Z0-9]\/.test(t.secret)){for(var s,r,n,a=l.querySelectorAll('iframe[data-secret=\"'+t.secret+'\"]'),o=l.querySelectorAll('blockquote[data-secret=\"'+t.secret+'\"]'),c=new RegExp(\"^https?:$\",\"i\"),i=0;i<o.length;i++)o[i].style.display=\"none\";for(i=0;i<a.length;i++)s=a[i],e.source===s.contentWindow&&(s.removeAttribute(\"style\"),\"height\"===t.message?(1e3<(r=parseInt(t.value,10))?r=1e3:~~r<200&&(r=200),s.height=r):\"link\"===t.message&&(r=new URL(s.getAttribute(\"src\")),n=new URL(t.value),c.test(n.protocol))&&n.host===r.host&&l.activeElement===s&&(d.top.location.href=t.value))}},d.addEventListener(\"message\",d.wp.receiveEmbedMessage,!1),l.addEventListener(\"DOMContentLoaded\",function(){for(var e,t,s=l.querySelectorAll(\"iframe.wp-embedded-content\"),r=0;r<s.length;r++)(t=(e=s[r]).getAttribute(\"data-secret\"))||(t=Math.random().toString(36).substring(2,12),e.src+=\"#?secret=\"+t,e.setAttribute(\"data-secret\",t)),e.contentWindow.postMessage({message:\"ready\",secret:t},\"*\")},!1)))}(window,document);\n\/\/# sourceURL=https:\/\/www.echoppe-francaise.fr\/blog\/wp-includes\/js\/wp-embed.min.js\n<\/script>\n","thumbnail_url":"https:\/\/www.echoppe-francaise.fr\/blog\/wp-content\/uploads\/2021\/06\/Noeud-papillon-Ellen-port\u00e9-lifestyle.jpg","thumbnail_width":543,"thumbnail_height":543,"description":"\u00a0\u00a0\u00a0\u00a0Rencontre avec Elsa Minier Je m&rsquo;appelle Elsa, j&rsquo;ai 31 ans\u00a0et je suis Designer Textile de formation. Je suis optimiste, cr\u00e9ative et enthousiaste ! J&rsquo;ai une passion pour les\u00a0motifs. J&rsquo;ai grandi en Ile de France, dans le 91. J&rsquo;ai d\u00e9couvert le Jura \u00e0 travers mon travail dans la lunetterie et j&rsquo;en suis tomb\u00e9 amoureuse ! De&hellip;&nbsp;"}